{"id":4302,"date":"2019-11-20T12:53:57","date_gmt":"2019-11-20T11:53:57","guid":{"rendered":"http:\/\/littlegreenhouse.ch\/NEW\/our-houses\/"},"modified":"2026-04-24T14:38:04","modified_gmt":"2026-04-24T12:38:04","slug":"nos-creches-et-ecoles-primaires","status":"publish","type":"page","link":"https:\/\/www.littlegreenhouse.ch\/fr\/nos-creches-et-ecoles-primaires\/","title":{"rendered":"Nos Maisons"},"content":{"rendered":"<p>[vc_row css=&#8221;.vc_custom_1573219112533{margin-top: 0px !important;margin-right: 15px !important;margin-left: 15px !important;background-color: #ffdc00 !important;}&#8221;][vc_column css=&#8221;.vc_custom_1566195737301{padding-top: 0px !important;padding-bottom: 0px !important;}&#8221;][vc_column_text css=&#8221;.vc_custom_1777034279297{margin-top: 40px !important;margin-bottom: 40px !important;}&#8221;]<\/p>\n<h1 class=\"soustitreh1\"><span style=\"color: #000000;\">Nos Maisons<br \/>\n<\/span><\/h1>\n<p>[\/vc_column_text][\/vc_column][\/vc_row][vc_row gap=&#8221;30&#8243; equal_height=&#8221;yes&#8221; content_placement=&#8221;top&#8221; css=&#8221;.vc_custom_1574251621971{margin-top: 20px !important;}&#8221;][vc_column width=&#8221;2\/3&#8243; css=&#8221;.vc_custom_1560319784025{margin-top: 0px !important;margin-right: 0px !important;margin-bottom: 0px !important;margin-left: 0px !important;border-top-width: 0px !important;border-right-width: 0px !important;border-bottom-width: 0px !important;border-left-width: 0px !important;padding-top: 0px !important;padding-right: 0px !important;padding-bottom: 0px !important;padding-left: 0px !important;}&#8221;][vc_gallery interval=&#8221;5&#8243; images=&#8221;7631,7634,3888,3972,4510,21805&#8243; img_size=&#8221;full&#8221; css=&#8221;.vc_custom_1755616663274{margin-top: 0px !important;margin-right: 0px !important;margin-bottom: 0px !important;margin-left: 0px !important;border-top-width: 0px !important;border-right-width: 0px !important;border-bottom-width: 0px !important;border-left-width: 0px !important;padding-top: 0px !important;padding-right: 0px !important;padding-bottom: 0px !important;padding-left: 0px !important;}&#8221;][\/vc_column][vc_column width=&#8221;1\/3&#8243; css=&#8221;.vc_custom_1650432848812{padding-top: 20px !important;padding-right: 25px !important;padding-bottom: 0px !important;padding-left: 25px !important;background-color: #2dad75 !important;}&#8221;][vc_column_text]<img loading=\"lazy\" decoding=\"async\" class=\"aligncenter size-full wp-image-4581\" src=\"https:\/\/littlegreenhouse.ch\/wp-content\/uploads\/2019\/12\/Come_on_FR.png\" alt=\"\" width=\"800\" height=\"580\" srcset=\"https:\/\/www.littlegreenhouse.ch\/wp-content\/uploads\/2019\/12\/Come_on_FR.png 800w, https:\/\/www.littlegreenhouse.ch\/wp-content\/uploads\/2019\/12\/Come_on_FR-300x218.png 300w, https:\/\/www.littlegreenhouse.ch\/wp-content\/uploads\/2019\/12\/Come_on_FR-768x557.png 768w\" sizes=\"auto, (max-width: 800px) 100vw, 800px\" \/><\/p>\n<h5 style=\"text-align: center;\">Allons dehors. D\u00e9couvrir le jardin. Jouer sur la terrasse. Allons dans la nature. De la bonne humeur partout. Chaleureux et accueillant. Presque \u00e0 la maison. Notre cr\u00e8che &#8211; un endroit pour les enfants. Un caf\u00e9 pour les parents ? Nous aimerions vous rencontrer. Prenez votre temps. Restez curieux.<\/h5>\n<p>[\/vc_column_text][\/vc_column][\/vc_row][vc_row full_width=&#8221;stretch_row&#8221; gap=&#8221;30&#8243; equal_height=&#8221;yes&#8221; content_placement=&#8221;top&#8221; css=&#8221;.vc_custom_1706812797767{margin-top: 0px !important;}&#8221;][vc_column width=&#8221;1\/4&#8243;][vc_single_image image=&#8221;14152&#8243; img_size=&#8221;full&#8221; alignment=&#8221;center&#8221; onclick=&#8221;custom_link&#8221; css_animation=&#8221;slideInDown&#8221; link=&#8221;https:\/\/www.littlegreenhouse.ch\/fr\/creche-le-mont-sur-lausanne-sud\/&#8221; css=&#8221;.vc_custom_1706812385508{border-top-width: 0px !important;border-right-width: 0px !important;border-bottom-width: 0px !important;border-left-width: 0px !important;}&#8221;][\/vc_column][vc_column width=&#8221;1\/4&#8243;][vc_single_image image=&#8221;14149&#8243; img_size=&#8221;full&#8221; alignment=&#8221;center&#8221; onclick=&#8221;custom_link&#8221; css_animation=&#8221;slideInDown&#8221; link=&#8221;https:\/\/www.littlegreenhouse.ch\/fr\/creche-le-mont-sur-lausanne-nord\/&#8221; css=&#8221;.vc_custom_1706814631575{border-top-width: 0px !important;border-right-width: 0px !important;border-bottom-width: 0px !important;border-left-width: 0px !important;}&#8221;][\/vc_column][vc_column width=&#8221;1\/4&#8243;][vc_single_image image=&#8221;14146&#8243; img_size=&#8221;full&#8221; alignment=&#8221;center&#8221; onclick=&#8221;custom_link&#8221; css_animation=&#8221;slideInDown&#8221; link=&#8221;https:\/\/www.littlegreenhouse.ch\/fr\/le-mont-sur-lausanne-uape-apems\/&#8221; css=&#8221;.vc_custom_1706812456162{border-top-width: 0px !important;border-right-width: 0px !important;border-bottom-width: 0px !important;border-left-width: 0px !important;border-left-color: #ffffff !important;border-right-color: #ffffff !important;border-top-color: #ffffff !important;border-bottom-color: #ffffff !important;}&#8221;][\/vc_column][vc_column width=&#8221;1\/4&#8243;][vc_single_image image=&#8221;7470&#8243; img_size=&#8221;full&#8221; alignment=&#8221;center&#8221; onclick=&#8221;custom_link&#8221; css_animation=&#8221;slideInDown&#8221; link=&#8221;https:\/\/www.littlegreenhouse.ch\/fr\/creche-gland-reseau-accueil-des-toblerones\/&#8221; css=&#8221;.vc_custom_1750775098117{border-top-width: 0px !important;border-right-width: 0px !important;border-bottom-width: 0px !important;border-left-width: 0px !important;border-left-color: #ffffff !important;border-right-color: #ffffff !important;border-top-color: #ffffff !important;border-bottom-color: #ffffff !important;}&#8221;][\/vc_column][\/vc_row][vc_row full_width=&#8221;stretch_row&#8221; gap=&#8221;30&#8243; equal_height=&#8221;yes&#8221; content_placement=&#8221;top&#8221; css=&#8221;.vc_custom_1707116948374{margin-top: 0px !important;}&#8221;][vc_column width=&#8221;1\/4&#8243;][vc_single_image image=&#8221;21831&#8243; img_size=&#8221;full&#8221; alignment=&#8221;center&#8221; onclick=&#8221;custom_link&#8221; css_animation=&#8221;slideInDown&#8221; link=&#8221;https:\/\/www.littlegreenhouse.ch\/fr\/creche-et-ecole-a-morges\/&#8221; css=&#8221;.vc_custom_1755618145935{border-top-width: 0px !important;border-right-width: 0px !important;border-bottom-width: 0px !important;border-left-width: 0px !important;}&#8221;][\/vc_column][vc_column width=&#8221;1\/4&#8243;][vc_single_image image=&#8221;9912&#8243; img_size=&#8221;full&#8221; alignment=&#8221;center&#8221; onclick=&#8221;custom_link&#8221; css_animation=&#8221;slideInDown&#8221; link=&#8221;https:\/\/www.littlegreenhouse.ch\/fr\/creche-etoy\/&#8221; css=&#8221;.vc_custom_1650432788173{margin-top: 0px !important;border-top-width: 0px !important;border-right-width: 0px !important;border-bottom-width: 0px !important;border-left-width: 0px !important;}&#8221;][\/vc_column][vc_column width=&#8221;1\/4&#8243;][vc_single_image image=&#8221;9136&#8243; img_size=&#8221;full&#8221; alignment=&#8221;center&#8221; onclick=&#8221;custom_link&#8221; img_link_target=&#8221;_blank&#8221; css_animation=&#8221;slideInDown&#8221; css=&#8221;.vc_custom_1707117031600{margin-top: 0px !important;border-top-width: 0px !important;border-right-width: 0px !important;border-bottom-width: 0px !important;border-left-width: 0px !important;}&#8221; link=&#8221;https:\/\/www.littlegreenhouse.ch\/fr\/creche-belmont-broye\/&#8221;][\/vc_column][vc_column width=&#8221;1\/4&#8243;][vc_single_image image=&#8221;11749&#8243; img_size=&#8221;full&#8221; alignment=&#8221;center&#8221; onclick=&#8221;custom_link&#8221; css_animation=&#8221;slideInDown&#8221; link=&#8221;https:\/\/www.littlegreenhouse.ch\/fr\/creche-a-bulle\/&#8221; css=&#8221;.vc_custom_1706812831757{margin-top: 0px !important;border-top-width: 0px !important;border-right-width: 0px !important;border-bottom-width: 0px !important;border-left-width: 0px !important;}&#8221;][\/vc_column][\/vc_row][vc_row full_width=&#8221;stretch_row&#8221; gap=&#8221;30&#8243; equal_height=&#8221;yes&#8221; content_placement=&#8221;top&#8221; css=&#8221;.vc_custom_1706812797767{margin-top: 0px !important;}&#8221;][vc_column width=&#8221;1\/4&#8243;][vc_single_image image=&#8221;8333&#8243; img_size=&#8221;full&#8221; alignment=&#8221;center&#8221; onclick=&#8221;custom_link&#8221; css_animation=&#8221;slideInDown&#8221; link=&#8221;https:\/\/www.littlegreenhouse.ch\/fr\/creche-a-perly\/&#8221; css=&#8221;.vc_custom_1707117116698{margin-top: 0px !important;border-top-width: 0px !important;border-right-width: 0px !important;border-bottom-width: 0px !important;border-left-width: 0px !important;}&#8221;][\/vc_column][vc_column width=&#8221;1\/4&#8243;][vc_single_image image=&#8221;10440&#8243; img_size=&#8221;full&#8221; alignment=&#8221;center&#8221; onclick=&#8221;custom_link&#8221; css_animation=&#8221;slideInDown&#8221; link=&#8221;https:\/\/www.littlegreenhouse.ch\/fr\/creche-a-troinex\/&#8221; css=&#8221;.vc_custom_1707117070672{margin-top: 0px !important;border-top-width: 0px !important;border-right-width: 0px !important;border-bottom-width: 0px !important;border-left-width: 0px !important;}&#8221;][\/vc_column][vc_column width=&#8221;1\/4&#8243;][vc_single_image image=&#8221;12229&#8243; img_size=&#8221;full&#8221; alignment=&#8221;center&#8221; onclick=&#8221;custom_link&#8221; css_animation=&#8221;slideInDown&#8221; link=&#8221;https:\/\/www.littlegreenhouse.ch\/fr\/jardin-d-enfant-gaspard-et-trottinette-a-troinex\/&#8221; css=&#8221;.vc_custom_1707117096536{margin-top: 0px !important;border-top-width: 0px !important;border-right-width: 0px !important;border-bottom-width: 0px !important;border-left-width: 0px !important;}&#8221;][\/vc_column][vc_column width=&#8221;1\/4&#8243;][vc_single_image image=&#8221;7461&#8243; img_size=&#8221;full&#8221; alignment=&#8221;center&#8221; onclick=&#8221;custom_link&#8221; css_animation=&#8221;slideInDown&#8221; link=&#8221;https:\/\/www.littlegreenhouse.ch\/fr\/creche-a-versoix\/&#8221; css=&#8221;.vc_custom_1596715376510{margin-top: 0px !important;border-top-width: 0px !important;border-right-width: 0px !important;border-bottom-width: 0px !important;border-left-width: 0px !important;}&#8221;][\/vc_column][\/vc_row][vc_row full_width=&#8221;stretch_row&#8221; gap=&#8221;30&#8243; equal_height=&#8221;yes&#8221; content_placement=&#8221;top&#8221; css=&#8221;.vc_custom_1707116948374{margin-top: 0px !important;}&#8221;][vc_column width=&#8221;1\/4&#8243;][vc_single_image image=&#8221;7588&#8243; img_size=&#8221;full&#8221; alignment=&#8221;center&#8221; onclick=&#8221;custom_link&#8221; img_link_target=&#8221;_blank&#8221; css_animation=&#8221;slideInDown&#8221; css=&#8221;.vc_custom_1707117322714{margin-top: 0px !important;border-top-width: 0px !important;border-right-width: 0px !important;border-bottom-width: 0px !important;border-left-width: 0px !important;padding-top: 0px !important;}&#8221; link=&#8221;https:\/\/www.littlegreenhouse.ch\/fr\/creche-multilingue-a-zurich-altstetten\/&#8221;][\/vc_column][vc_column width=&#8221;1\/4&#8243;][\/vc_column][vc_column width=&#8221;1\/4&#8243;][\/vc_column][vc_column width=&#8221;1\/4&#8243;][\/vc_column][\/vc_row][vc_row][vc_column][vc_column_text css=&#8221;.vc_custom_1757082195285{padding-top: 30px !important;padding-bottom: 20px !important;background-color: #ffdc00 !important;}&#8221; el_class=&#8221;Titre-Store-Locator&#8221;]<\/p>\n<p style=\"font-size: 40px; color: #000000; font-family: TuttiFruttiRegular; text-align: center;\">\ud83d\udccdNos maisons<\/p>\n<p>[\/vc_column_text][vc_raw_js]JTVCd3BzbCU1RA==[\/vc_raw_js][\/vc_column][\/vc_row]<\/p>\n","protected":false},"excerpt":{"rendered":"<p>[vc_row css=&#8221;.vc_custom_1573219112533{margin-top: 0px !important;margin-right: 15px !important;margin-left: 15px !important;background-color: #ffdc00 !important;}&#8221;][vc_column css=&#8221;.vc_custom_1566195737301{padding-top: 0px !important;padding-bottom: 0px !important;}&#8221;][vc_column_text css=&#8221;.vc_custom_1777034279297{margin-top: 40px !important;margin-bottom: 40px !important;}&#8221;] Nos Maisons [\/vc_column_text][\/vc_column][\/vc_row][vc_row gap=&#8221;30&#8243; equal_height=&#8221;yes&#8221; content_placement=&#8221;top&#8221; css=&#8221;.vc_custom_1574251621971{margin-top: 20px !important;}&#8221;][vc_column width=&#8221;2\/3&#8243; css=&#8221;.vc_custom_1560319784025{margin-top: 0px !important;margin-right: 0px !important;margin-bottom: 0px !important;margin-left: 0px !important;border-top-width: 0px !important;border-right-width: 0px !important;border-bottom-width: 0px !important;border-left-width: 0px !important;padding-top: 0px !important;padding-right: 0px !important;padding-bottom: 0px !important;padding-left: 0px !important;}&#8221;][vc_gallery &hellip; <a href=\"https:\/\/www.littlegreenhouse.ch\/fr\/nos-creches-et-ecoles-primaires\/\" title=\"Nos Maisons\" class=\"read-more\">Read More<\/a><\/p>\n","protected":false},"author":1,"featured_media":3515,"parent":0,"menu_order":0,"comment_status":"closed","ping_status":"closed","template":"","meta":{"_monsterinsights_skip_tracking":false,"_monsterinsights_sitenote_active":false,"_monsterinsights_sitenote_note":"","_monsterinsights_sitenote_category":0,"footnotes":""},"class_list":["post-4302","page","type-page","status-publish","has-post-thumbnail","hentry"],"yoast_head":"<!-- This site is optimized with the Yoast SEO plugin v15.1.1 - https:\/\/yoast.com\/wordpress\/plugins\/seo\/ -->\n<title>Nos Maisons - Little Green House<\/title>\n<meta name=\"robots\" content=\"index, follow, max-snippet:-1, max-image-preview:large, max-video-preview:-1\" \/>\n<link rel=\"canonical\" href=\"https:\/\/www.littlegreenhouse.ch\/fr\/nos-creches-et-ecoles-primaires\/\" \/>\n<meta property=\"og:locale\" content=\"fr_FR\" \/>\n<meta property=\"og:type\" content=\"article\" \/>\n<meta property=\"og:title\" content=\"Nos Maisons - Little Green House\" \/>\n<meta property=\"og:description\" content=\"[vc_row css=&#8221;.vc_custom_1573219112533{margin-top: 0px !important;margin-right: 15px !important;margin-left: 15px !important;background-color: #ffdc00 !important;}&#8221;][vc_column css=&#8221;.vc_custom_1566195737301{padding-top: 0px !important;padding-bottom: 0px !important;}&#8221;][vc_column_text css=&#8221;.vc_custom_1777034279297{margin-top: 40px !important;margin-bottom: 40px !important;}&#8221;] Nos Maisons [\/vc_column_text][\/vc_column][\/vc_row][vc_row gap=&#8221;30&#8243; equal_height=&#8221;yes&#8221; content_placement=&#8221;top&#8221; css=&#8221;.vc_custom_1574251621971{margin-top: 20px !important;}&#8221;][vc_column width=&#8221;2\/3&#8243; css=&#8221;.vc_custom_1560319784025{margin-top: 0px !important;margin-right: 0px !important;margin-bottom: 0px !important;margin-left: 0px !important;border-top-width: 0px !important;border-right-width: 0px !important;border-bottom-width: 0px !important;border-left-width: 0px !important;padding-top: 0px !important;padding-right: 0px !important;padding-bottom: 0px !important;padding-left: 0px !important;}&#8221;][vc_gallery [&hellip;]\" \/>\n<meta property=\"og:url\" content=\"https:\/\/www.littlegreenhouse.ch\/fr\/nos-creches-et-ecoles-primaires\/\" \/>\n<meta property=\"og:site_name\" content=\"Little Green House\" \/>\n<meta property=\"article:publisher\" content=\"https:\/\/www.facebook.com\/littlegreenhouse.the.next.generation\/\" \/>\n<meta property=\"article:modified_time\" content=\"2026-04-24T12:38:04+00:00\" \/>\n<meta property=\"og:image\" content=\"https:\/\/www.littlegreenhouse.ch\/wp-content\/uploads\/2019\/11\/Creche_Gland_Little_Green_house_LGH-2018_AD-2-8338.jpg\" \/>\n\t<meta property=\"og:image:width\" content=\"1200\" \/>\n\t<meta property=\"og:image:height\" content=\"801\" \/>\n<meta name=\"twitter:card\" content=\"summary_large_image\" \/>\n<meta name=\"twitter:creator\" content=\"@lg_house\" \/>\n<meta name=\"twitter:site\" content=\"@lg_house\" \/>\n<script type=\"application\/ld+json\" class=\"yoast-schema-graph\">{\"@context\":\"https:\/\/schema.org\",\"@graph\":[{\"@type\":\"Organization\",\"@id\":\"https:\/\/www.littlegreenhouse.ch\/fr\/#organization\",\"name\":\"Little Green House\",\"url\":\"https:\/\/www.littlegreenhouse.ch\/fr\/\",\"sameAs\":[\"https:\/\/www.facebook.com\/littlegreenhouse.the.next.generation\/\",\"https:\/\/www.instagram.com\/littlegreenhouse_childcare\/\",\"https:\/\/www.linkedin.com\/company\/little-green-house\/\",\"https:\/\/www.youtube.com\/channel\/UCPQiQBtt0Hp-4Y-HWPiIjyQ\",\"https:\/\/twitter.com\/lg_house\"],\"logo\":{\"@type\":\"ImageObject\",\"@id\":\"https:\/\/www.littlegreenhouse.ch\/fr\/#logo\",\"inLanguage\":\"fr-FR\",\"url\":\"https:\/\/www.littlegreenhouse.ch\/wp-content\/uploads\/2020\/01\/LGH_logo_2019.png\",\"width\":369,\"height\":283,\"caption\":\"Little Green House\"},\"image\":{\"@id\":\"https:\/\/www.littlegreenhouse.ch\/fr\/#logo\"}},{\"@type\":\"WebSite\",\"@id\":\"https:\/\/www.littlegreenhouse.ch\/fr\/#website\",\"url\":\"https:\/\/www.littlegreenhouse.ch\/fr\/\",\"name\":\"Little Green House\",\"description\":\"Cr\\u00e8che | Childcare | Kita\",\"publisher\":{\"@id\":\"https:\/\/www.littlegreenhouse.ch\/fr\/#organization\"},\"potentialAction\":[{\"@type\":\"SearchAction\",\"target\":\"https:\/\/www.littlegreenhouse.ch\/fr\/?s={search_term_string}\",\"query-input\":\"required name=search_term_string\"}],\"inLanguage\":\"fr-FR\"},{\"@type\":\"ImageObject\",\"@id\":\"https:\/\/www.littlegreenhouse.ch\/fr\/nos-creches-et-ecoles-primaires\/#primaryimage\",\"inLanguage\":\"fr-FR\",\"url\":\"https:\/\/www.littlegreenhouse.ch\/wp-content\/uploads\/2019\/11\/Creche_Gland_Little_Green_house_LGH-2018_AD-2-8338.jpg\",\"width\":1200,\"height\":801},{\"@type\":\"WebPage\",\"@id\":\"https:\/\/www.littlegreenhouse.ch\/fr\/nos-creches-et-ecoles-primaires\/#webpage\",\"url\":\"https:\/\/www.littlegreenhouse.ch\/fr\/nos-creches-et-ecoles-primaires\/\",\"name\":\"Nos Maisons - Little Green House\",\"isPartOf\":{\"@id\":\"https:\/\/www.littlegreenhouse.ch\/fr\/#website\"},\"primaryImageOfPage\":{\"@id\":\"https:\/\/www.littlegreenhouse.ch\/fr\/nos-creches-et-ecoles-primaires\/#primaryimage\"},\"datePublished\":\"2019-11-20T11:53:57+00:00\",\"dateModified\":\"2026-04-24T12:38:04+00:00\",\"inLanguage\":\"fr-FR\",\"potentialAction\":[{\"@type\":\"ReadAction\",\"target\":[\"https:\/\/www.littlegreenhouse.ch\/fr\/nos-creches-et-ecoles-primaires\/\"]}]}]}<\/script>\n<!-- \/ Yoast SEO plugin. -->","jetpack_sharing_enabled":true,"_links":{"self":[{"href":"https:\/\/www.littlegreenhouse.ch\/fr\/wp-json\/wp\/v2\/pages\/4302","targetHints":{"allow":["GET"]}}],"collection":[{"href":"https:\/\/www.littlegreenhouse.ch\/fr\/wp-json\/wp\/v2\/pages"}],"about":[{"href":"https:\/\/www.littlegreenhouse.ch\/fr\/wp-json\/wp\/v2\/types\/page"}],"author":[{"embeddable":true,"href":"https:\/\/www.littlegreenhouse.ch\/fr\/wp-json\/wp\/v2\/users\/1"}],"replies":[{"embeddable":true,"href":"https:\/\/www.littlegreenhouse.ch\/fr\/wp-json\/wp\/v2\/comments?post=4302"}],"version-history":[{"count":24,"href":"https:\/\/www.littlegreenhouse.ch\/fr\/wp-json\/wp\/v2\/pages\/4302\/revisions"}],"predecessor-version":[{"id":25289,"href":"https:\/\/www.littlegreenhouse.ch\/fr\/wp-json\/wp\/v2\/pages\/4302\/revisions\/25289"}],"wp:featuredmedia":[{"embeddable":true,"href":"https:\/\/www.littlegreenhouse.ch\/fr\/wp-json\/wp\/v2\/media\/3515"}],"wp:attachment":[{"href":"https:\/\/www.littlegreenhouse.ch\/fr\/wp-json\/wp\/v2\/media?parent=4302"}],"curies":[{"name":"wp","href":"https:\/\/api.w.org\/{rel}","templated":true}]}}