{"id":5630,"date":"2020-01-26T15:42:54","date_gmt":"2020-01-26T14:42:54","guid":{"rendered":"http:\/\/littlegreenhouse.ch\/NEW\/?page_id=5630"},"modified":"2024-12-12T18:18:20","modified_gmt":"2024-12-12T17:18:20","slug":"presse","status":"publish","type":"page","link":"https:\/\/www.littlegreenhouse.ch\/fr\/presse\/","title":{"rendered":"Presse"},"content":{"rendered":"<p>[vc_row css=&#8221;.vc_custom_1580062666400{margin-top: 0px !important;margin-right: 0px !important;margin-left: 15px !important;background-color: #ffdc00 !important;}&#8221;][vc_column css=&#8221;.vc_custom_1566195737301{padding-top: 0px !important;padding-bottom: 0px !important;}&#8221;][vc_column_text]<\/p>\n<h1 class=\"soustitreh1\"><span style=\"color: #000;\">Presse<\/span><\/h1>\n<p>[\/vc_column_text][\/vc_column][\/vc_row][vc_row gap=&#8221;35&#8243; css=&#8221;.vc_custom_1580052695640{margin-right: 15px !important;margin-left: 15px !important;}&#8221;][vc_column width=&#8221;1\/4&#8243;][vc_single_image image=&#8221;11235&#8243; img_size=&#8221;140&#215;140&#8243;][vc_custom_heading text=&#8221;20 mars 2023&#8243; font_container=&#8221;tag:h6|font_size:1.2em|text_align:left|color:%23000000&#8243; google_fonts=&#8221;font_family:Inconsolata%3Aregular%2C700|font_style:400%20regular%3A400%3Anormal&#8221; css=&#8221;.vc_custom_1679475944112{margin-top: 20px !important;}&#8221;][vc_column_text]<\/p>\n<h5>Troinex construit sa toute premi\u00e8re cr\u00e8che, et elle sera bilingue<\/h5>\n<p><a href=\"https:\/\/www.tdg.ch\/troinex-construit-sa-toute-premiere-creche-et-elle-sera-bilingue-851053859927\" target=\"_blank\" rel=\"noopener noreferrer\">Lire l&#8217;article de la Tribune de Gen\u00e8ve<\/a>[\/vc_column_text][\/vc_column][vc_column width=&#8221;1\/4&#8243;][vc_single_image image=&#8221;11244&#8243; img_size=&#8221;140&#215;140&#8243;][vc_custom_heading text=&#8221;8 Mars 2023&#8243; font_container=&#8221;tag:h6|font_size:1.2em|text_align:left|color:%23000000&#8243; google_fonts=&#8221;font_family:Inconsolata%3Aregular%2C700|font_style:400%20regular%3A400%3Anormal&#8221; css=&#8221;.vc_custom_1679476705151{margin-top: 20px !important;}&#8221;][vc_column_text]<\/p>\n<h5>FEMMES DES ANN\u00c9ES 2020. L\u2019\u00e9mission s&#8217;int\u00e9resse aux entrepreneurs \u0153uvrant pour soutenir la place des femmes dans l\u2019\u00e9conomie et dans la soci\u00e9t\u00e9.<\/h5>\n<p><a href=\"https:\/\/latele.ch\/emissions\/entrepreneurs\/femmes-des-annees-2020\" target=\"_blank\" rel=\"noopener noreferrer\">Voir l&#8217;\u00e9mission de la T\u00e9l\u00e9<\/a>[\/vc_column_text][\/vc_column][vc_column width=&#8221;1\/4&#8243;][vc_single_image image=&#8221;11238&#8243; img_size=&#8221;140&#215;140&#8243;][vc_custom_heading text=&#8221;31 ao\u00fbt 2022&#8243; font_container=&#8221;tag:h6|font_size:1.2em|text_align:left|color:%23000000&#8243; google_fonts=&#8221;font_family:Inconsolata%3Aregular%2C700|font_style:400%20regular%3A400%3Anormal&#8221; css=&#8221;.vc_custom_1679475920564{margin-top: 20px !important;}&#8221;][vc_column_text]<\/p>\n<h5>Le prix de la r\u00e9ussite pour Barbara Lax<\/h5>\n<p><a href=\"https:\/\/www.illustre.ch\/magazine\/le-prix-de-la-reussite-pour-barbara-lax-528456\" target=\"_blank\" rel=\"noopener noreferrer\">\u00c9coutez le podcast de l&#8217;Illustr\u00e9<\/a>[\/vc_column_text][\/vc_column][vc_column width=&#8221;1\/4&#8243;][\/vc_column][\/vc_row][vc_row gap=&#8221;35&#8243; css=&#8221;.vc_custom_1580052695640{margin-right: 15px !important;margin-left: 15px !important;}&#8221;][vc_column width=&#8221;1\/4&#8243;][vc_single_image image=&#8221;5714&#8243; img_size=&#8221;140&#215;140&#8243;][vc_custom_heading text=&#8221;17 Ao\u00fbt 2022&#8243; font_container=&#8221;tag:h6|font_size:1.2em|text_align:left|color:%23000000&#8243; google_fonts=&#8221;font_family:Inconsolata%3Aregular%2C700|font_style:400%20regular%3A400%3Anormal&#8221; css=&#8221;.vc_custom_1679477139407{margin-top: 20px !important;}&#8221;][vc_column_text]<\/p>\n<h5>Barbara Lax b\u00e2tit un r\u00e9seau de cr\u00e8ches pour pr\u00e9parer l\u2019avenir<\/h5>\n<p><a href=\"https:\/\/www.bilan.ch\/story\/barbara-lax-batit-un-reseau-de-creches-pour-preparer-lavenir-180519836435?idp=OneLog&amp;new_user=no\" target=\"_blank\" rel=\"noopener noreferrer\">Lire l&#8217;article de Bilan<\/a>[\/vc_column_text][\/vc_column][vc_column width=&#8221;1\/4&#8243;][vc_single_image image=&#8221;11241&#8243; img_size=&#8221;140&#215;140&#8243;][vc_custom_heading text=&#8221;5 avril 2022&#8243; font_container=&#8221;tag:h6|font_size:1.2em|text_align:left|color:%23000000&#8243; google_fonts=&#8221;font_family:Inconsolata%3Aregular%2C700|font_style:400%20regular%3A400%3Anormal&#8221; css=&#8221;.vc_custom_1679476007370{margin-top: 20px !important;}&#8221;][vc_column_text]<\/p>\n<h5>Barbara Lax, fondatrice et directrice du r\u00e9seau de cr\u00e8ches Little Green House<\/h5>\n<p><a href=\"https:\/\/www.rts.ch\/audio-podcast\/2022\/audio\/barbara-lax-fondatrice-et-directrice-du-reseau-de-creches-little-green-house-25813902.html\" target=\"_blank\" rel=\"noopener noreferrer\">\u00c9coutez le podcast de Dr\u00f4le d&#8217;\u00e9poque <\/a>[\/vc_column_text][\/vc_column][vc_column width=&#8221;1\/4&#8243;][vc_single_image image=&#8221;11247&#8243; img_size=&#8221;140&#215;140&#8243;][vc_custom_heading text=&#8221;13 Mars 2022&#8243; font_container=&#8221;tag:h6|font_size:1.2em|text_align:left|color:%23000000&#8243; google_fonts=&#8221;font_family:Inconsolata%3Aregular%2C700|font_style:400%20regular%3A400%3Anormal&#8221; css=&#8221;.vc_custom_1679477312141{margin-top: 20px !important;}&#8221;][vc_column_text]<\/p>\n<h5>Positiv f\u00fchren im StartUp \u2013 mit Barbara Lax von Little Green House<\/h5>\n<p><a href=\"https:\/\/positiv-fuehren.com\/podcast\/mein-podcast-positiv-fuehren-folge-41-startup-positiv-fuehren-barbara-lax-little-green-house\/\" target=\"_blank\" rel=\"noopener noreferrer\">Listen to the discussion<\/a>[\/vc_column_text][\/vc_column][vc_column width=&#8221;1\/4&#8243;][vc_single_image image=&#8221;6057&#8243; img_size=&#8221;140&#215;140&#8243;][vc_custom_heading text=&#8221;26 Janvier 2022&#8243; font_container=&#8221;tag:h6|font_size:1.2em|text_align:left|color:%23000000&#8243; google_fonts=&#8221;font_family:Inconsolata%3Aregular%2C700|font_style:400%20regular%3A400%3Anormal&#8221; css=&#8221;.vc_custom_1679547388602{margin-top: 20px !important;}&#8221;][vc_column_text]<\/p>\n<h5>Elle fait pousser les cr\u00e8ches comme des champignons<\/h5>\n<p><a href=\"https:\/\/www.24heures.ch\/elle-fait-pousser-les-creches-comme-des-champignons-545713980065\" target=\"_blank\" rel=\"noopener noreferrer\">Lire l&#8217;article du 24heures<\/a>[\/vc_column_text][\/vc_column][\/vc_row][vc_row gap=&#8221;35&#8243; css=&#8221;.vc_custom_1580052695640{margin-right: 15px !important;margin-left: 15px !important;}&#8221;][vc_column width=&#8221;1\/4&#8243;][vc_single_image image=&#8221;11257&#8243; img_size=&#8221;140&#215;140&#8243;][vc_custom_heading text=&#8221;3 D\u00e9cembre 2021&#8243; font_container=&#8221;tag:h6|font_size:1.2em|text_align:left|color:%23000000&#8243; google_fonts=&#8221;font_family:Inconsolata%3Aregular%2C700|font_style:400%20regular%3A400%3Anormal&#8221; css=&#8221;.vc_custom_1679547607560{margin-top: 20px !important;}&#8221;][vc_column_text]<\/p>\n<h5>Barbara Lax on how Growth Mindset fuelled her journey as an Entrepreneur &amp; CEO<\/h5>\n<p><a href=\"https:\/\/podcast.ausha.co\/your-path-to-success-with-ruth-kearns-wollmann\/barbara-lax-on-how-growth-mindset-fuelled-her-journey-as-an-entrepreneur-ceo\/\" target=\"_blank\" rel=\"noopener noreferrer\">Listen to the discussion<\/a>[\/vc_column_text][\/vc_column][vc_column width=&#8221;1\/4&#8243;][vc_single_image image=&#8221;5730&#8243; img_size=&#8221;140&#215;140&#8243;][vc_custom_heading text=&#8221;30 Septembre 2021&#8243; font_container=&#8221;tag:h6|font_size:1.2em|text_align:left|color:%23000000&#8243; google_fonts=&#8221;font_family:Inconsolata%3Aregular%2C700|font_style:400%20regular%3A400%3Anormal&#8221; css=&#8221;.vc_custom_1679547991661{margin-top: 20px !important;}&#8221;][vc_column_text]<\/p>\n<h5>D&#8217;ing\u00e9nieure \u00e0 directrice de cr\u00e8ches<\/h5>\n<p><a href=\"https:\/\/www.littlegreenhouse.ch\/wp-content\/uploads\/2023\/03\/Founding_story_of_Little_Green_House_in_La_C_te_30_09_21_1679317060.pdf\" target=\"_blank\" rel=\"noopener noreferrer\">Lire l&#8217;article de la C\u00f4te ENTREPRISES<\/a>[\/vc_column_text][\/vc_column][vc_column width=&#8221;1\/4&#8243;][vc_single_image image=&#8221;11263&#8243; img_size=&#8221;140&#215;140&#8243;][vc_custom_heading text=&#8221;25 Avril 2021&#8243; font_container=&#8221;tag:h6|font_size:1.2em|text_align:left|color:%23000000&#8243; google_fonts=&#8221;font_family:Inconsolata%3Aregular%2C700|font_style:400%20regular%3A400%3Anormal&#8221; css=&#8221;.vc_custom_1679548155983{margin-top: 20px !important;}&#8221;][vc_column_text]<\/p>\n<h5>Children can Grow Right from the Very Beginning, Little Green House\u2019 Barbara Lax Tells How<\/h5>\n<p><a href=\"https:\/\/startup-info.cdn.ampproject.org\/c\/s\/startup.info\/barbara-lax-little-green-house\/amp\/\" target=\"_blank\" rel=\"noopener noreferrer\">Read the story<\/a>[\/vc_column_text][\/vc_column][vc_column width=&#8221;1\/4&#8243;][vc_single_image image=&#8221;6048&#8243; img_size=&#8221;140&#215;140&#8243;][vc_custom_heading text=&#8221;1 March 2019&#8243; font_container=&#8221;tag:h6|font_size:1.2em|text_align:left|color:%23000000&#8243; google_fonts=&#8221;font_family:Inconsolata%3Aregular%2C700|font_style:400%20regular%3A400%3Anormal&#8221; css=&#8221;.vc_custom_1580051394735{margin-top: 20px !important;}&#8221;][vc_column_text]<\/p>\n<h5>For the third year in a row, the Financial Times has named Little Green House one of the most dynamic companies in Europe.<\/h5>\n<p><a href=\"https:\/\/www.ft.com\/content\/238174d2-3139-11e9-8744-e7016697f225\" target=\"_blank\" rel=\"noopener noreferrer\">Read the original FT article<\/a>[\/vc_column_text][\/vc_column][\/vc_row][vc_row gap=&#8221;35&#8243; css=&#8221;.vc_custom_1580052779440{margin-right: 15px !important;margin-left: 15px !important;}&#8221;][vc_column width=&#8221;1\/4&#8243;][vc_single_image image=&#8221;6057&#8243; img_size=&#8221;140&#215;140&#8243;][vc_custom_heading text=&#8221;4 Janvier 2019&#8243; font_container=&#8221;tag:h6|font_size:1.2em|text_align:left|color:%23000000&#8243; google_fonts=&#8221;font_family:Inconsolata%3Aregular%2C700|font_style:400%20regular%3A400%3Anormal&#8221; css=&#8221;.vc_custom_1580051926680{margin-top: 20px !important;}&#8221;][vc_column_text]<\/p>\n<h5>Little Green House, la cr\u00e8che romande qui s\u00e9duit les Zurichois<\/h5>\n<p><a href=\"http:\/\/littlegreenhouse.ch\/NEW\/wp-content\/uploads\/2020\/01\/01_19_24heures_Little-Green-House.pdf\" target=\"_blank\" rel=\"noopener noreferrer\">Lire l&#8217;article du 24heures<\/a><br \/>\n[\/vc_column_text][\/vc_column][vc_column width=&#8221;1\/4&#8243;][vc_single_image image=&#8221;6060&#8243; img_size=&#8221;140&#215;140&#8243;][vc_custom_heading text=&#8221;December 2018&#8243; font_container=&#8221;tag:h6|font_size:1.2em|text_align:left|color:%23000000&#8243; google_fonts=&#8221;font_family:Inconsolata%3Aregular%2C700|font_style:400%20regular%3A400%3Anormal&#8221; css=&#8221;.vc_custom_1580052171661{margin-top: 20px !important;}&#8221;][vc_column_text]<\/p>\n<h5>We were part of the IMD MBA startup competition<\/h5>\n<p><a href=\"https:\/\/www.imd.org\/news\/updates\/startup-competition\/\" target=\"_blank\" rel=\"noopener noreferrer\">Read the article<\/a><br \/>\n[\/vc_column_text][\/vc_column][vc_column width=&#8221;1\/4&#8243;][vc_single_image image=&#8221;5720&#8243; img_size=&#8221;140&#215;140&#8243;][vc_custom_heading text=&#8221;20 Ao\u00fbt 2018&#8243; font_container=&#8221;tag:h6|font_size:1.2em|text_align:left|color:%23000000&#8243; google_fonts=&#8221;font_family:Inconsolata%3Aregular%2C700|font_style:400%20regular%3A400%3Anormal&#8221; css=&#8221;.vc_custom_1697719507281{margin-top: 20px !important;}&#8221;][vc_column_text]<\/p>\n<h5>Les PME les plus prometteuses de La C\u00f4te<\/h5>\n<p><a href=\"https:\/\/www.pme.ch\/entreprises\/2018\/08\/20\/pme-plus-prometteuses-cote\" target=\"_blank\" rel=\"noopener noreferrer\">Lire l&#8217;article de PME magazine<\/a>[\/vc_column_text][\/vc_column][vc_column width=&#8221;1\/4&#8243;][vc_single_image image=&#8221;5690&#8243; img_size=&#8221;140&#215;140&#8243;][vc_custom_heading text=&#8221;22 Janvier 2018&#8243; font_container=&#8221;tag:h6|font_size:1.2em|text_align:left|color:%23000000&#8243; google_fonts=&#8221;font_family:Inconsolata%3Aregular%2C700|font_style:400%20regular%3A400%3Anormal&#8221; css=&#8221;.vc_custom_1580052247128{margin-top: 20px !important;}&#8221;][vc_column_text]<\/p>\n<h5>RTS interview with Barbara Lax, founder of Little Green House and winner of the Veuve Clicquot Business Woman of the year award 2017<\/h5>\n<p><a href=\"https:\/\/www.rts.ch\/play\/radio\/la-matinale-5h-6h30\/audio\/linvite-e-du-5h-6h30-premiere-partie-barbara-lax-fondatrice-de-little-green-house?id=9247507\" target=\"_blank\" rel=\"noopener noreferrer\">Listen to the first part of the interview<\/a><\/p>\n<p><a href=\"https:\/\/www.rts.ch\/play\/radio\/la-matinale-5h-6h30\/audio\/linvite-e-du-5h-6h30-deuxieme-partie-barbara-lax-fondatrice-de-little-green-house?id=9247502\" target=\"_blank\" rel=\"noopener noreferrer\">Listen to the second part of the interview<\/a><\/p>\n<p>[\/vc_column_text][\/vc_column][\/vc_row][vc_row gap=&#8221;35&#8243; css=&#8221;.vc_custom_1580052695640{margin-right: 15px !important;margin-left: 15px !important;}&#8221;][vc_column width=&#8221;1\/4&#8243;][vc_single_image image=&#8221;6054&#8243; img_size=&#8221;140&#215;140&#8243;][vc_custom_heading text=&#8221;12 Janvier 2018&#8243; font_container=&#8221;tag:h6|font_size:1.2em|text_align:left|color:%23000000&#8243; google_fonts=&#8221;font_family:Inconsolata%3Aregular%2C700|font_style:400%20regular%3A400%3Anormal&#8221; css=&#8221;.vc_custom_1580052963037{margin-top: 20px !important;}&#8221;][vc_column_text]<\/p>\n<h5>Barbara Lax, femme d\u2019affaires 2017, exprime sa volont\u00e9 d\u2019ind\u00e9pendance actionnariale<\/h5>\n<p><a href=\"http:\/\/littlegreenhouse.ch\/NEW\/wp-content\/uploads\/2020\/01\/agefi_2018-01-12_ven_05.pdf\" target=\"_blank\" rel=\"noopener noreferrer\">Lire l&#8217;article de L&#8217;AGEFI<\/a><\/p>\n<p>[\/vc_column_text][\/vc_column][vc_column width=&#8221;1\/4&#8243;][vc_single_image image=&#8221;5717&#8243; img_size=&#8221;140&#215;140&#8243;][vc_custom_heading text=&#8221;1 d\u00e9cembre 2017&#8243; font_container=&#8221;tag:h6|font_size:1.2em|text_align:left|color:%23000000&#8243; google_fonts=&#8221;font_family:Inconsolata%3Aregular%2C700|font_style:400%20regular%3A400%3Anormal&#8221; css=&#8221;.vc_custom_1580053455291{margin-top: 20px !important;}&#8221;][vc_column_text]<\/p>\n<h5>Barbara Lax, couronn\u00e9e Femme d\u2019affaires de l\u2019ann\u00e9e en Suisse<\/h5>\n<p><a href=\"https:\/\/www.letemps.ch\/economie\/barbara-lax-couronnee-femme-daffaires-lannee-suisse\" target=\"_blank\" rel=\"noopener noreferrer\">Lire l&#8217;article du Temps<\/a>[\/vc_column_text][\/vc_column][vc_column width=&#8221;1\/4&#8243;][vc_single_image image=&#8221;5714&#8243; img_size=&#8221;140&#215;140&#8243;][vc_custom_heading text=&#8221;30 Novembre 2017&#8243; font_container=&#8221;tag:h6|font_size:1.2em|text_align:left|color:%23000000&#8243; google_fonts=&#8221;font_family:Inconsolata%3Aregular%2C700|font_style:400%20regular%3A400%3Anormal&#8221; css=&#8221;.vc_custom_1580053117434{margin-top: 20px !important;}&#8221;][vc_column_text]<\/p>\n<h5>Barbara Lax remporte le prix de la Femme d\u2019Affaires Veuve Clicquot<\/h5>\n<p><a href=\"https:\/\/www.bilan.ch\/femmes-leaders\/barbara-lax-remporte-prix-femme-affaires-veuve-clicquot-entrepreneure\" target=\"_blank\" rel=\"noopener noreferrer\">Lire l&#8217;article de Bilan<\/a>[\/vc_column_text][\/vc_column][vc_column width=&#8221;1\/4&#8243;][vc_single_image image=&#8221;6549&#8243; img_size=&#8221;140&#215;140&#8243;][vc_custom_heading text=&#8221;28 janvier 2016&#8243; font_container=&#8221;tag:h6|font_size:1.2em|text_align:left|color:%23000000&#8243; google_fonts=&#8221;font_family:Inconsolata%3Aregular%2C700|font_style:400%20regular%3A400%3Anormal&#8221; css=&#8221;.vc_custom_1580804508266{margin-top: 20px !important;}&#8221;][vc_column_text]<\/p>\n<h5>Y a-t-il un Suisse pour lancer sa bo\u00eete?<\/h5>\n<p><a href=\"https:\/\/pages.rts.ch\/emissions\/temps-present\/economie\/7324571-y-a-t-il-un-suisse-pour-lancer-sa-boite.html?anchor=7452817#timeline-anchor-integral-7405268\" target=\"_blank\" rel=\"noopener noreferrer\">Voir le reportage<\/a>[\/vc_column_text][\/vc_column][\/vc_row][vc_row gap=&#8221;35&#8243; css=&#8221;.vc_custom_1580052695640{margin-right: 15px !important;margin-left: 15px !important;}&#8221;][vc_column width=&#8221;1\/4&#8243;][vc_single_image image=&#8221;5730&#8243; img_size=&#8221;140&#215;140&#8243;][vc_custom_heading text=&#8221;Avril 2015&#8243; font_container=&#8221;tag:h6|font_size:1.2em|text_align:left|color:%23000000&#8243; google_fonts=&#8221;font_family:Inconsolata%3Aregular%2C700|font_style:400%20regular%3A400%3Anormal&#8221; css=&#8221;.vc_custom_1580054438054{margin-top: 20px !important;}&#8221;][vc_column_text]<\/p>\n<h5>Bilan du coaching Genilem avec la fondatrice d\u2019une cr\u00e8che novatrice<\/h5>\n<p><a href=\"http:\/\/littlegreenhouse.ch\/NEW\/wp-content\/uploads\/2020\/01\/201304_AGEFI_INDICES.pdf\" target=\"_blank\" rel=\"noopener noreferrer\">Lire l&#8217;article de la C\u00f4te<\/a>[\/vc_column_text][\/vc_column][vc_column width=&#8221;1\/4&#8243;][vc_single_image image=&#8221;5720&#8243; img_size=&#8221;140&#215;140&#8243;][vc_custom_heading text=&#8221;D\u00e9cembre 2013&#8243; font_container=&#8221;tag:h6|font_size:1.2em|text_align:left|color:%23000000&#8243; google_fonts=&#8221;font_family:Inconsolata%3Aregular%2C700|font_style:400%20regular%3A400%3Anormal&#8221; css=&#8221;.vc_custom_1580053760758{margin-top: 20px !important;}&#8221;][vc_column_text]<\/p>\n<h5>Les cr\u00e8ches multilingues Little Green House sont fr\u00e9quent\u00e9es par plus de 25 nationalit\u00e9s<\/h5>\n<p><a href=\"http:\/\/littlegreenhouse.ch\/NEW\/wp-content\/uploads\/2020\/01\/pme_magazine_20131127.pdf\" target=\"_blank\" rel=\"noopener noreferrer\">Lire l&#8217;article<\/a><\/p>\n<p>[\/vc_column_text][\/vc_column][vc_column width=&#8221;1\/4&#8243;][vc_single_image image=&#8221;5720&#8243; img_size=&#8221;140&#215;140&#8243;][vc_custom_heading text=&#8221;Ao\u00fbt 2013&#8243; font_container=&#8221;tag:h6|font_size:1.2em|text_align:left|color:%23000000&#8243; google_fonts=&#8221;font_family:Inconsolata%3Aregular%2C700|font_style:400%20regular%3A400%3Anormal&#8221; css=&#8221;.vc_custom_1580053955578{margin-top: 20px !important;}&#8221;][vc_column_text]<\/p>\n<h5>Le difficile business des cr\u00e8ches priv\u00e9es<\/h5>\n<p><a href=\"http:\/\/littlegreenhouse.ch\/NEW\/wp-content\/uploads\/2020\/01\/PME-magazine.pdf\" target=\"_blank\" rel=\"noopener noreferrer\">Lire l&#8217;article<\/a>[\/vc_column_text][\/vc_column][vc_column width=&#8221;1\/4&#8243;][vc_single_image image=&#8221;6057&#8243; img_size=&#8221;140&#215;140&#8243;][vc_custom_heading text=&#8221;Juillet 2013&#8243; font_container=&#8221;tag:h6|font_size:1.2em|text_align:left|color:%23000000&#8243; google_fonts=&#8221;font_family:Inconsolata%3Aregular%2C700|font_style:400%20regular%3A400%3Anormal&#8221; css=&#8221;.vc_custom_1580054154646{margin-top: 20px !important;}&#8221;][vc_column_text]<\/p>\n<h5>Langues \u00e9trang\u00e8res \u00e0 la cr\u00e8che de Tolochenaz<\/h5>\n<p><a href=\"http:\/\/littlegreenhouse.ch\/NEW\/wp-content\/uploads\/2020\/01\/LGH_24H_17_07_2013.pdf\" target=\"_blank\" rel=\"noopener noreferrer\">Lire l&#8217;article de 24heures<\/a>[\/vc_column_text][\/vc_column][\/vc_row][vc_row gap=&#8221;35&#8243; css=&#8221;.vc_custom_1580054806675{margin-right: 15px !important;margin-bottom: 50px !important;margin-left: 15px !important;}&#8221;][vc_column width=&#8221;1\/4&#8243;][vc_single_image image=&#8221;6054&#8243; img_size=&#8221;140&#215;140&#8243;][vc_custom_heading text=&#8221;Avril 2013&#8243; font_container=&#8221;tag:h6|font_size:1.2em|text_align:left|color:%23000000&#8243; google_fonts=&#8221;font_family:Inconsolata%3Aregular%2C700|font_style:400%20regular%3A400%3Anormal&#8221; css=&#8221;.vc_custom_1580054293791{margin-top: 20px !important;}&#8221;][vc_column_text]<\/p>\n<h5>Les grandes ambitions de Little Green House<\/h5>\n<p><a href=\"http:\/\/littlegreenhouse.ch\/NEW\/wp-content\/uploads\/2020\/01\/201304_AGEFI_INDICES.pdf\" target=\"_blank\" rel=\"noopener noreferrer\">Lire l&#8217;article de l&#8217;Agefi<\/a><br \/>\n[\/vc_column_text][\/vc_column][vc_column width=&#8221;1\/4&#8243;][vc_single_image image=&#8221;5730&#8243; img_size=&#8221;140&#215;140&#8243;][vc_custom_heading text=&#8221;Avril 2013&#8243; font_container=&#8221;tag:h6|font_size:1.2em|text_align:left|color:%23000000&#8243; google_fonts=&#8221;font_family:Inconsolata%3Aregular%2C700|font_style:400%20regular%3A400%3Anormal&#8221; css=&#8221;.vc_custom_1580054490310{margin-top: 20px !important;}&#8221;][vc_column_text]<\/p>\n<h5>Une cr\u00e8che chez Paderewski<\/h5>\n<p><a href=\"http:\/\/littlegreenhouse.ch\/NEW\/wp-content\/uploads\/2020\/01\/La-Cote-morges1.png\" target=\"_blank\" rel=\"noopener noreferrer\">Lire l&#8217;article<\/a><br \/>\n[\/vc_column_text][\/vc_column][vc_column width=&#8221;1\/4&#8243;][vc_single_image image=&#8221;5690&#8243; img_size=&#8221;140&#215;140&#8243;][vc_custom_heading text=&#8221;Juin 2012&#8243; font_container=&#8221;tag:h6|font_size:1.2em|text_align:left|color:%23000000&#8243; google_fonts=&#8221;font_family:Inconsolata%3Aregular%2C700|font_style:400%20regular%3A400%3Anormal&#8221; css=&#8221;.vc_custom_1580054608203{margin-top: 20px !important;}&#8221;][vc_column_text]<\/p>\n<h5>Une cr\u00e8che \u00abverte\u00bb dans le canton de Vaud<\/h5>\n<p><a class=\"lien\" href=\"http:\/\/www.rts.ch\/la-1ere\/programmes\/intercites\/4073808-little-green-house-une-creche-verte-dans-le-canton-de-vaud-25-06-2012.html?f=player\/popup\" target=\"_blank\" rel=\"noopener noreferrer\">\u00c9couter l&#8217;\u00e9mission InterCit\u00e9s<\/a><br \/>\n[\/vc_column_text][\/vc_column][vc_column width=&#8221;1\/4&#8243;][vc_single_image image=&#8221;5730&#8243; img_size=&#8221;140&#215;140&#8243;][vc_custom_heading text=&#8221;Juin 2012&#8243; font_container=&#8221;tag:h6|font_size:1.2em|text_align:left|color:%23000000&#8243; google_fonts=&#8221;font_family:Inconsolata%3Aregular%2C700|font_style:400%20regular%3A400%3Anormal&#8221; css=&#8221;.vc_custom_1580054679806{margin-top: 20px !important;}&#8221;][vc_column_text]<\/p>\n<h5>Une cr\u00e8che verte tr\u00e8s flexible<\/h5>\n<p><a href=\"http:\/\/littlegreenhouse.ch\/NEW\/wp-content\/uploads\/2020\/01\/Little-Green-House-dans-La-Co\u0302te-2012-06-21-2.jpg\" target=\"_blank\" rel=\"noopener noreferrer\">Lire l&#8217;article <\/a>[\/vc_column_text][\/vc_column][\/vc_row][vc_row gap=&#8221;30&#8243; css=&#8221;.vc_custom_1580055987720{margin-top: 0px !important;margin-right: 0px !important;margin-left: 0px !important;}&#8221;][vc_column width=&#8221;1\/3&#8243; css=&#8221;.vc_custom_1580062711312{margin-right: 0px !important;padding-top: 10px !important;padding-right: 10px !important;padding-bottom: 0px !important;padding-left: 0px !important;}&#8221;][vc_column_text css=&#8221;.vc_custom_1580144740527{padding-top: 30px !important;padding-right: 30px !important;padding-bottom: 30px !important;padding-left: 30px !important;background-color: #ed6c6c !important;}&#8221;]<\/p>\n<h2>Images \u00e0 disposition de la presse<\/h2>\n<h5 style=\"font-weight: 200;\">Ces images sont utilisables avec demande pr\u00e9alable \u00e0 Little Green House.<br \/>\nUniquement pour des articles en relation avec Little Green House.<\/h5>\n<h5>Copyright: \u00a9Little Green House<\/h5>\n<p>[\/vc_column_text][\/vc_column][vc_column width=&#8221;2\/3&#8243; css=&#8221;.vc_custom_1580054893913{padding-top: 0px !important;padding-bottom: 0px !important;}&#8221;][vc_row_inner gap=&#8221;20&#8243;][vc_column_inner width=&#8221;1\/4&#8243;][vc_single_image image=&#8221;5763&#8243; img_size=&#8221;medium&#8221; add_caption=&#8221;yes&#8221; onclick=&#8221;img_link_large&#8221; img_link_target=&#8221;_blank&#8221;][\/vc_column_inner][vc_column_inner width=&#8221;1\/4&#8243;][vc_single_image image=&#8221;5754&#8243; img_size=&#8221;medium&#8221; add_caption=&#8221;yes&#8221; onclick=&#8221;img_link_large&#8221; img_link_target=&#8221;_blank&#8221;][\/vc_column_inner][vc_column_inner width=&#8221;1\/4&#8243;][vc_single_image image=&#8221;5751&#8243; img_size=&#8221;medium&#8221; add_caption=&#8221;yes&#8221; onclick=&#8221;img_link_large&#8221; img_link_target=&#8221;_blank&#8221;][\/vc_column_inner][vc_column_inner width=&#8221;1\/4&#8243;][vc_single_image image=&#8221;5766&#8243; img_size=&#8221;medium&#8221; add_caption=&#8221;yes&#8221; onclick=&#8221;img_link_large&#8221; img_link_target=&#8221;_blank&#8221;][\/vc_column_inner][\/vc_row_inner][vc_row_inner gap=&#8221;20&#8243;][vc_column_inner width=&#8221;1\/4&#8243;][vc_single_image image=&#8221;6542&#8243; img_size=&#8221;medium&#8221; add_caption=&#8221;yes&#8221; onclick=&#8221;img_link_large&#8221; img_link_target=&#8221;_blank&#8221;][\/vc_column_inner][vc_column_inner width=&#8221;1\/4&#8243;][vc_single_image image=&#8221;5775&#8243; img_size=&#8221;medium&#8221; add_caption=&#8221;yes&#8221; onclick=&#8221;img_link_large&#8221; img_link_target=&#8221;_blank&#8221;][\/vc_column_inner][vc_column_inner width=&#8221;1\/4&#8243;][vc_single_image image=&#8221;17479&#8243; img_size=&#8221;medium&#8221; add_caption=&#8221;yes&#8221; onclick=&#8221;img_link_large&#8221; img_link_target=&#8221;_blank&#8221;][\/vc_column_inner][vc_column_inner width=&#8221;1\/4&#8243;][vc_single_image image=&#8221;17476&#8243; img_size=&#8221;medium&#8221; add_caption=&#8221;yes&#8221; onclick=&#8221;img_link_large&#8221; img_link_target=&#8221;_blank&#8221;][\/vc_column_inner][\/vc_row_inner][vc_row_inner gap=&#8221;20&#8243;][vc_column_inner width=&#8221;1\/4&#8243;][vc_single_image image=&#8221;6017&#8243; img_size=&#8221;medium&#8221; add_caption=&#8221;yes&#8221; onclick=&#8221;img_link_large&#8221; img_link_target=&#8221;_blank&#8221;][\/vc_column_inner][vc_column_inner width=&#8221;1\/4&#8243;][vc_single_image image=&#8221;6538&#8243; img_size=&#8221;medium&#8221; add_caption=&#8221;yes&#8221; onclick=&#8221;img_link_large&#8221; img_link_target=&#8221;_blank&#8221;][\/vc_column_inner][vc_column_inner width=&#8221;1\/4&#8243;][vc_single_image image=&#8221;6535&#8243; img_size=&#8221;medium&#8221; add_caption=&#8221;yes&#8221; onclick=&#8221;img_link_large&#8221; img_link_target=&#8221;_blank&#8221;][\/vc_column_inner][vc_column_inner width=&#8221;1\/4&#8243;][vc_single_image image=&#8221;6545&#8243; img_size=&#8221;medium&#8221; add_caption=&#8221;yes&#8221; onclick=&#8221;img_link_large&#8221; img_link_target=&#8221;_blank&#8221;][\/vc_column_inner][\/vc_row_inner][vc_row_inner gap=&#8221;20&#8243;][vc_column_inner width=&#8221;1\/4&#8243;][vc_single_image image=&#8221;10299&#8243; img_size=&#8221;medium&#8221; add_caption=&#8221;yes&#8221; onclick=&#8221;img_link_large&#8221; img_link_target=&#8221;_blank&#8221;][\/vc_column_inner][vc_column_inner width=&#8221;1\/4&#8243;][vc_single_image image=&#8221;5787&#8243; img_size=&#8221;medium&#8221; add_caption=&#8221;yes&#8221; onclick=&#8221;img_link_large&#8221; img_link_target=&#8221;_blank&#8221;][\/vc_column_inner][vc_column_inner width=&#8221;1\/4&#8243;][vc_single_image image=&#8221;10296&#8243; img_size=&#8221;medium&#8221; add_caption=&#8221;yes&#8221; onclick=&#8221;img_link_large&#8221; img_link_target=&#8221;_blank&#8221;][\/vc_column_inner][vc_column_inner width=&#8221;1\/4&#8243;][\/vc_column_inner][\/vc_row_inner][\/vc_column][\/vc_row]<\/p>\n","protected":false},"excerpt":{"rendered":"<p>[vc_row css=&#8221;.vc_custom_1580062666400{margin-top: 0px !important;margin-right: 0px !important;margin-left: 15px !important;background-color: #ffdc00 !important;}&#8221;][vc_column css=&#8221;.vc_custom_1566195737301{padding-top: 0px !important;padding-bottom: 0px !important;}&#8221;][vc_column_text] Presse [\/vc_column_text][\/vc_column][\/vc_row][vc_row gap=&#8221;35&#8243; css=&#8221;.vc_custom_1580052695640{margin-right: 15px !important;margin-left: 15px !important;}&#8221;][vc_column width=&#8221;1\/4&#8243;][vc_single_image image=&#8221;11235&#8243; img_size=&#8221;140&#215;140&#8243;][vc_custom_heading text=&#8221;20 mars 2023&#8243; font_container=&#8221;tag:h6|font_size:1.2em|text_align:left|color:%23000000&#8243; google_fonts=&#8221;font_family:Inconsolata%3Aregular%2C700|font_style:400%20regular%3A400%3Anormal&#8221; css=&#8221;.vc_custom_1679475944112{margin-top: 20px !important;}&#8221;][vc_column_text] Troinex construit sa toute premi\u00e8re cr\u00e8che, et elle sera bilingue Lire l&#8217;article de la Tribune de Gen\u00e8ve[\/vc_column_text][\/vc_column][vc_column width=&#8221;1\/4&#8243;][vc_single_image image=&#8221;11244&#8243; img_size=&#8221;140&#215;140&#8243;][vc_custom_heading text=&#8221;8 &hellip; <a href=\"https:\/\/www.littlegreenhouse.ch\/fr\/presse\/\" title=\"Presse\" class=\"read-more\">Read More<\/a><\/p>\n","protected":false},"author":1,"featured_media":5766,"parent":0,"menu_order":0,"comment_status":"closed","ping_status":"closed","template":"","meta":{"_monsterinsights_skip_tracking":false,"_monsterinsights_sitenote_active":false,"_monsterinsights_sitenote_note":"","_monsterinsights_sitenote_category":0,"footnotes":""},"class_list":["post-5630","page","type-page","status-publish","has-post-thumbnail","hentry"],"yoast_head":"<!-- This site is optimized with the Yoast SEO plugin v15.1.1 - https:\/\/yoast.com\/wordpress\/plugins\/seo\/ -->\n<title>Presse - Little Green House<\/title>\n<meta name=\"robots\" content=\"index, follow, max-snippet:-1, max-image-preview:large, max-video-preview:-1\" \/>\n<link rel=\"canonical\" href=\"https:\/\/www.littlegreenhouse.ch\/fr\/presse\/\" \/>\n<meta property=\"og:locale\" content=\"fr_FR\" \/>\n<meta property=\"og:type\" content=\"article\" \/>\n<meta property=\"og:title\" content=\"Presse - Little Green House\" \/>\n<meta property=\"og:description\" content=\"[vc_row css=&#8221;.vc_custom_1580062666400{margin-top: 0px !important;margin-right: 0px !important;margin-left: 15px !important;background-color: #ffdc00 !important;}&#8221;][vc_column css=&#8221;.vc_custom_1566195737301{padding-top: 0px !important;padding-bottom: 0px !important;}&#8221;][vc_column_text] Presse [\/vc_column_text][\/vc_column][\/vc_row][vc_row gap=&#8221;35&#8243; css=&#8221;.vc_custom_1580052695640{margin-right: 15px !important;margin-left: 15px !important;}&#8221;][vc_column width=&#8221;1\/4&#8243;][vc_single_image image=&#8221;11235&#8243; img_size=&#8221;140&#215;140&#8243;][vc_custom_heading text=&#8221;20 mars 2023&#8243; font_container=&#8221;tag:h6|font_size:1.2em|text_align:left|color:%23000000&#8243; google_fonts=&#8221;font_family:Inconsolata%3Aregular%2C700|font_style:400%20regular%3A400%3Anormal&#8221; css=&#8221;.vc_custom_1679475944112{margin-top: 20px !important;}&#8221;][vc_column_text] Troinex construit sa toute premi\u00e8re cr\u00e8che, et elle sera bilingue Lire l&#8217;article de la Tribune de Gen\u00e8ve[\/vc_column_text][\/vc_column][vc_column width=&#8221;1\/4&#8243;][vc_single_image image=&#8221;11244&#8243; img_size=&#8221;140&#215;140&#8243;][vc_custom_heading text=&#8221;8 [&hellip;]\" \/>\n<meta property=\"og:url\" content=\"https:\/\/www.littlegreenhouse.ch\/fr\/presse\/\" \/>\n<meta property=\"og:site_name\" content=\"Little Green House\" \/>\n<meta property=\"article:publisher\" content=\"https:\/\/www.facebook.com\/littlegreenhouse.the.next.generation\/\" \/>\n<meta property=\"article:modified_time\" content=\"2024-12-12T17:18:20+00:00\" \/>\n<meta property=\"og:image\" content=\"https:\/\/www.littlegreenhouse.ch\/wp-content\/uploads\/2020\/01\/Little-Green-House_Terrace-1024x683.jpg\" \/>\n\t<meta property=\"og:image:width\" content=\"1024\" \/>\n\t<meta property=\"og:image:height\" content=\"683\" \/>\n<meta name=\"twitter:card\" content=\"summary_large_image\" \/>\n<meta name=\"twitter:creator\" content=\"@lg_house\" \/>\n<meta name=\"twitter:site\" content=\"@lg_house\" \/>\n<script type=\"application\/ld+json\" class=\"yoast-schema-graph\">{\"@context\":\"https:\/\/schema.org\",\"@graph\":[{\"@type\":\"Organization\",\"@id\":\"https:\/\/www.littlegreenhouse.ch\/fr\/#organization\",\"name\":\"Little Green House\",\"url\":\"https:\/\/www.littlegreenhouse.ch\/fr\/\",\"sameAs\":[\"https:\/\/www.facebook.com\/littlegreenhouse.the.next.generation\/\",\"https:\/\/www.instagram.com\/littlegreenhouse_childcare\/\",\"https:\/\/www.linkedin.com\/company\/little-green-house\/\",\"https:\/\/www.youtube.com\/channel\/UCPQiQBtt0Hp-4Y-HWPiIjyQ\",\"https:\/\/twitter.com\/lg_house\"],\"logo\":{\"@type\":\"ImageObject\",\"@id\":\"https:\/\/www.littlegreenhouse.ch\/fr\/#logo\",\"inLanguage\":\"fr-FR\",\"url\":\"https:\/\/www.littlegreenhouse.ch\/wp-content\/uploads\/2020\/01\/LGH_logo_2019.png\",\"width\":369,\"height\":283,\"caption\":\"Little Green House\"},\"image\":{\"@id\":\"https:\/\/www.littlegreenhouse.ch\/fr\/#logo\"}},{\"@type\":\"WebSite\",\"@id\":\"https:\/\/www.littlegreenhouse.ch\/fr\/#website\",\"url\":\"https:\/\/www.littlegreenhouse.ch\/fr\/\",\"name\":\"Little Green House\",\"description\":\"Cr\\u00e8che | Childcare | Kita\",\"publisher\":{\"@id\":\"https:\/\/www.littlegreenhouse.ch\/fr\/#organization\"},\"potentialAction\":[{\"@type\":\"SearchAction\",\"target\":\"https:\/\/www.littlegreenhouse.ch\/fr\/?s={search_term_string}\",\"query-input\":\"required name=search_term_string\"}],\"inLanguage\":\"fr-FR\"},{\"@type\":\"ImageObject\",\"@id\":\"https:\/\/www.littlegreenhouse.ch\/fr\/presse\/#primaryimage\",\"inLanguage\":\"fr-FR\",\"url\":\"https:\/\/www.littlegreenhouse.ch\/wp-content\/uploads\/2020\/01\/Little-Green-House_Terrace.jpg\",\"width\":3746,\"height\":2500,\"caption\":\"Little Green House Gland\"},{\"@type\":\"WebPage\",\"@id\":\"https:\/\/www.littlegreenhouse.ch\/fr\/presse\/#webpage\",\"url\":\"https:\/\/www.littlegreenhouse.ch\/fr\/presse\/\",\"name\":\"Presse - Little Green House\",\"isPartOf\":{\"@id\":\"https:\/\/www.littlegreenhouse.ch\/fr\/#website\"},\"primaryImageOfPage\":{\"@id\":\"https:\/\/www.littlegreenhouse.ch\/fr\/presse\/#primaryimage\"},\"datePublished\":\"2020-01-26T14:42:54+00:00\",\"dateModified\":\"2024-12-12T17:18:20+00:00\",\"inLanguage\":\"fr-FR\",\"potentialAction\":[{\"@type\":\"ReadAction\",\"target\":[\"https:\/\/www.littlegreenhouse.ch\/fr\/presse\/\"]}]}]}<\/script>\n<!-- \/ Yoast SEO plugin. -->","jetpack_sharing_enabled":true,"_links":{"self":[{"href":"https:\/\/www.littlegreenhouse.ch\/fr\/wp-json\/wp\/v2\/pages\/5630","targetHints":{"allow":["GET"]}}],"collection":[{"href":"https:\/\/www.littlegreenhouse.ch\/fr\/wp-json\/wp\/v2\/pages"}],"about":[{"href":"https:\/\/www.littlegreenhouse.ch\/fr\/wp-json\/wp\/v2\/types\/page"}],"author":[{"embeddable":true,"href":"https:\/\/www.littlegreenhouse.ch\/fr\/wp-json\/wp\/v2\/users\/1"}],"replies":[{"embeddable":true,"href":"https:\/\/www.littlegreenhouse.ch\/fr\/wp-json\/wp\/v2\/comments?post=5630"}],"version-history":[{"count":3,"href":"https:\/\/www.littlegreenhouse.ch\/fr\/wp-json\/wp\/v2\/pages\/5630\/revisions"}],"predecessor-version":[{"id":17482,"href":"https:\/\/www.littlegreenhouse.ch\/fr\/wp-json\/wp\/v2\/pages\/5630\/revisions\/17482"}],"wp:featuredmedia":[{"embeddable":true,"href":"https:\/\/www.littlegreenhouse.ch\/fr\/wp-json\/wp\/v2\/media\/5766"}],"wp:attachment":[{"href":"https:\/\/www.littlegreenhouse.ch\/fr\/wp-json\/wp\/v2\/media?parent=5630"}],"curies":[{"name":"wp","href":"https:\/\/api.w.org\/{rel}","templated":true}]}}